{"id":25856,"date":"2024-09-30T12:39:26","date_gmt":"2024-09-30T12:39:27","guid":{"rendered":"https:\/\/ikonisch.pt\/?post_type=product&#038;p=25856"},"modified":"2024-10-18T14:05:50","modified_gmt":"2024-10-18T14:05:50","slug":"tipo-nome-brand-copia-68","status":"publish","type":"product","link":"https:\/\/ikonisch.pt\/es\/produtos\/tipo-nome-brand-copia-68\/","title":{"rendered":"Silla Neu 13 &#8211; Hay"},"content":{"rendered":"","protected":false},"excerpt":{"rendered":"<p>Pareja de sillas Neu 13 de la colecci\u00f3n HAY, nuevas y sin estrenar. Este modelo destaca por su dise\u00f1o ergon\u00f3mico y sofisticado, que combina est\u00e9tica y funcionalidad. Fabricada en refinado pl\u00e1stico moldeado (polipropileno), ofrece una gran durabilidad y comodidad. Su elegante base de madera de roble a\u00f1ade un toque de modernidad y versatilidad, permitiendo su uso tanto en entornos comerciales como residenciales. Perfecta para comedores, oficinas o espacios de estudio, Neu 13 se adapta f\u00e1cilmente a diferentes contextos, proporcionando una soluci\u00f3n pr\u00e1ctica y con estilo para aquellos que buscan comodidad combinada con un dise\u00f1o contempor\u00e1neo.<\/p>\n<p>Altura del asiento: 46 cm.<\/p>\n<p>Precio conjunto. Venta y env\u00edo del mueble bajo pedido.<\/p>\n<p><strong>Realizamos entregas a nivel mundial. Para env\u00edos fuera de Portugal y Espa\u00f1a, por favor, cont\u00e1ctenos para recibir un presupuesto personalizado.<\/strong><\/p>\n<p>Para m\u00e1s informaci\u00f3n sobre precios, p\u00f3ngase en contacto con nosotros por correo electr\u00f3nico en\u00a0<a href=\"mailto:info@ikonisch.pt\"><strong>info@ikonisch.pt<\/strong><\/a>\u00a0o por tel\u00e9fono en el\u00a0<strong>+351 913 068 270<\/strong>.<\/p>\n","protected":false},"featured_media":25949,"template":"","meta":{"_acf_changed":false,"inline_featured_image":false},"product_brand":[],"product_cat":[689],"product_tag":[760],"class_list":["post-25856","product","type-product","status-publish","has-post-thumbnail","product_cat-sillas","product_tag-hay-es","first","outofstock","shipping-taxable","purchasable","product-type-simple"],"acf":[],"aioseo_notices":[],"aioseo_head":"\n\t\t<!-- All in One SEO 5.0.1.1 - aioseo.com -->\n\t<meta name=\"description\" content=\"Pareja de sillas Neu 13 de la colecci\u00f3n HAY, nuevas y sin estrenar. Este modelo destaca por su dise\u00f1o ergon\u00f3mico y sofisticado, que combina est\u00e9tica y funcionalidad. Fabricada en refinado pl\u00e1stico moldeado (polipropileno), ofrece una gran durabilidad y comodidad. Su elegante base de madera de roble a\u00f1ade un toque de modernidad y versatilidad, permitiendo su uso tanto en entornos comerciales como residenciales. Perfecta para comedores, oficinas o espacios de estudio, Neu 13 se adapta f\u00e1cilmente a diferentes contextos, proporcionando una soluci\u00f3n pr\u00e1ctica y con estilo para aquellos que buscan comodidad combinada con un dise\u00f1o contempor\u00e1neo. Altura del asiento: 46 cm. Precio conjunto. Venta y env\u00edo del mueble bajo pedido. Realizamos entregas a nivel mundial. Para env\u00edos fuera de Portugal y Espa\u00f1a, por favor, cont\u00e1ctenos para recibir un presupuesto personalizado. Para m\u00e1s informaci\u00f3n sobre precios, p\u00f3ngase en contacto con nosotros por correo electr\u00f3nico en info@ikonisch.pt o por tel\u00e9fono en el +351 913 068 270.\" \/>\n\t<meta name=\"robots\" content=\"max-image-preview:large\" \/>\n\t<link rel=\"canonical\" href=\"https:\/\/ikonisch.pt\/es\/produtos\/tipo-nome-brand-copia-68\/\" \/>\n\t<meta name=\"generator\" content=\"All in One SEO (AIOSEO) 5.0.1.1\" \/>\n\t\t<meta property=\"og:locale\" content=\"es_ES\" \/>\n\t\t<meta property=\"og:site_name\" content=\"Ikonisch | Originally Reconditioned\" \/>\n\t\t<meta property=\"og:type\" content=\"article\" \/>\n\t\t<meta property=\"og:title\" content=\"Silla Neu 13 \u2013 Hay | Ikonisch\" \/>\n\t\t<meta property=\"og:description\" content=\"Pareja de sillas Neu 13 de la colecci\u00f3n HAY, nuevas y sin estrenar. Este modelo destaca por su dise\u00f1o ergon\u00f3mico y sofisticado, que combina est\u00e9tica y funcionalidad. Fabricada en refinado pl\u00e1stico moldeado (polipropileno), ofrece una gran durabilidad y comodidad. Su elegante base de madera de roble a\u00f1ade un toque de modernidad y versatilidad, permitiendo su uso tanto en entornos comerciales como residenciales. Perfecta para comedores, oficinas o espacios de estudio, Neu 13 se adapta f\u00e1cilmente a diferentes contextos, proporcionando una soluci\u00f3n pr\u00e1ctica y con estilo para aquellos que buscan comodidad combinada con un dise\u00f1o contempor\u00e1neo. Altura del asiento: 46 cm. Precio conjunto. Venta y env\u00edo del mueble bajo pedido. Realizamos entregas a nivel mundial. Para env\u00edos fuera de Portugal y Espa\u00f1a, por favor, cont\u00e1ctenos para recibir un presupuesto personalizado. Para m\u00e1s informaci\u00f3n sobre precios, p\u00f3ngase en contacto con nosotros por correo electr\u00f3nico en info@ikonisch.pt o por tel\u00e9fono en el +351 913 068 270.\" \/>\n\t\t<meta property=\"og:url\" content=\"https:\/\/ikonisch.pt\/es\/produtos\/tipo-nome-brand-copia-68\/\" \/>\n\t\t<meta property=\"og:image\" content=\"https:\/\/ikonisch.pt\/wp-content\/uploads\/2021\/10\/IKONISCH-Frontpage.png\" \/>\n\t\t<meta property=\"og:image:secure_url\" content=\"https:\/\/ikonisch.pt\/wp-content\/uploads\/2021\/10\/IKONISCH-Frontpage.png\" \/>\n\t\t<meta property=\"og:image:width\" content=\"3632\" \/>\n\t\t<meta property=\"og:image:height\" content=\"2336\" \/>\n\t\t<meta property=\"article:published_time\" content=\"2024-09-30T12:39:27+00:00\" \/>\n\t\t<meta property=\"article:modified_time\" content=\"2024-10-18T14:05:50+00:00\" \/>\n\t\t<meta property=\"article:publisher\" content=\"https:\/\/www.facebook.com\/ikonischfurniture\/\" \/>\n\t\t<meta name=\"twitter:card\" content=\"summary\" \/>\n\t\t<meta name=\"twitter:site\" content=\"@ikonischshop\" \/>\n\t\t<meta name=\"twitter:title\" content=\"Silla Neu 13 \u2013 Hay | Ikonisch\" \/>\n\t\t<meta name=\"twitter:description\" content=\"Pareja de sillas Neu 13 de la colecci\u00f3n HAY, nuevas y sin estrenar. Este modelo destaca por su dise\u00f1o ergon\u00f3mico y sofisticado, que combina est\u00e9tica y funcionalidad. Fabricada en refinado pl\u00e1stico moldeado (polipropileno), ofrece una gran durabilidad y comodidad. Su elegante base de madera de roble a\u00f1ade un toque de modernidad y versatilidad, permitiendo su uso tanto en entornos comerciales como residenciales. Perfecta para comedores, oficinas o espacios de estudio, Neu 13 se adapta f\u00e1cilmente a diferentes contextos, proporcionando una soluci\u00f3n pr\u00e1ctica y con estilo para aquellos que buscan comodidad combinada con un dise\u00f1o contempor\u00e1neo. Altura del asiento: 46 cm. Precio conjunto. Venta y env\u00edo del mueble bajo pedido. Realizamos entregas a nivel mundial. Para env\u00edos fuera de Portugal y Espa\u00f1a, por favor, cont\u00e1ctenos para recibir un presupuesto personalizado. Para m\u00e1s informaci\u00f3n sobre precios, p\u00f3ngase en contacto con nosotros por correo electr\u00f3nico en info@ikonisch.pt o por tel\u00e9fono en el +351 913 068 270.\" \/>\n\t\t<meta name=\"twitter:image\" content=\"https:\/\/ikonisch.pt\/wp-content\/uploads\/2021\/10\/IKONISCH-Frontpage.png\" \/>\n\t\t<script type=\"application\/ld+json\" class=\"aioseo-schema\">\n\t\t\t{\"@context\":\"https:\\\/\\\/schema.org\",\"@graph\":[{\"@type\":\"BreadcrumbList\",\"@id\":\"https:\\\/\\\/ikonisch.pt\\\/es\\\/produtos\\\/tipo-nome-brand-copia-68\\\/#breadcrumblist\",\"itemListElement\":[{\"@type\":\"ListItem\",\"@id\":\"https:\\\/\\\/ikonisch.pt\\\/es\\\/#listItem\",\"position\":1,\"name\":\"In\\u00edcio\",\"item\":\"https:\\\/\\\/ikonisch.pt\\\/es\\\/\",\"nextItem\":{\"@type\":\"ListItem\",\"@id\":\"https:\\\/\\\/ikonisch.pt\\\/loja\\\/#listItem\",\"name\":\"Loja\"}},{\"@type\":\"ListItem\",\"@id\":\"https:\\\/\\\/ikonisch.pt\\\/loja\\\/#listItem\",\"position\":2,\"name\":\"Loja\",\"item\":\"https:\\\/\\\/ikonisch.pt\\\/loja\\\/\",\"nextItem\":{\"@type\":\"ListItem\",\"@id\":\"https:\\\/\\\/ikonisch.pt\\\/es\\\/categoria\\\/sillas\\\/#listItem\",\"name\":\"Sillas\"},\"previousItem\":{\"@type\":\"ListItem\",\"@id\":\"https:\\\/\\\/ikonisch.pt\\\/es\\\/#listItem\",\"name\":\"In\\u00edcio\"}},{\"@type\":\"ListItem\",\"@id\":\"https:\\\/\\\/ikonisch.pt\\\/es\\\/categoria\\\/sillas\\\/#listItem\",\"position\":3,\"name\":\"Sillas\",\"item\":\"https:\\\/\\\/ikonisch.pt\\\/es\\\/categoria\\\/sillas\\\/\",\"nextItem\":{\"@type\":\"ListItem\",\"@id\":\"https:\\\/\\\/ikonisch.pt\\\/es\\\/produtos\\\/tipo-nome-brand-copia-68\\\/#listItem\",\"name\":\"Silla Neu 13 &#8211; Hay\"},\"previousItem\":{\"@type\":\"ListItem\",\"@id\":\"https:\\\/\\\/ikonisch.pt\\\/loja\\\/#listItem\",\"name\":\"Loja\"}},{\"@type\":\"ListItem\",\"@id\":\"https:\\\/\\\/ikonisch.pt\\\/es\\\/produtos\\\/tipo-nome-brand-copia-68\\\/#listItem\",\"position\":4,\"name\":\"Silla Neu 13 &#8211; Hay\",\"previousItem\":{\"@type\":\"ListItem\",\"@id\":\"https:\\\/\\\/ikonisch.pt\\\/es\\\/categoria\\\/sillas\\\/#listItem\",\"name\":\"Sillas\"}}]},{\"@type\":\"ItemPage\",\"@id\":\"https:\\\/\\\/ikonisch.pt\\\/es\\\/produtos\\\/tipo-nome-brand-copia-68\\\/#itempage\",\"url\":\"https:\\\/\\\/ikonisch.pt\\\/es\\\/produtos\\\/tipo-nome-brand-copia-68\\\/\",\"name\":\"Silla Neu 13 \\u2013 Hay | Ikonisch\",\"description\":\"Pareja de sillas Neu 13 de la colecci\\u00f3n HAY, nuevas y sin estrenar. Este modelo destaca por su dise\\u00f1o ergon\\u00f3mico y sofisticado, que combina est\\u00e9tica y funcionalidad. Fabricada en refinado pl\\u00e1stico moldeado (polipropileno), ofrece una gran durabilidad y comodidad. Su elegante base de madera de roble a\\u00f1ade un toque de modernidad y versatilidad, permitiendo su uso tanto en entornos comerciales como residenciales. Perfecta para comedores, oficinas o espacios de estudio, Neu 13 se adapta f\\u00e1cilmente a diferentes contextos, proporcionando una soluci\\u00f3n pr\\u00e1ctica y con estilo para aquellos que buscan comodidad combinada con un dise\\u00f1o contempor\\u00e1neo. Altura del asiento: 46 cm. Precio conjunto. Venta y env\\u00edo del mueble bajo pedido. Realizamos entregas a nivel mundial. Para env\\u00edos fuera de Portugal y Espa\\u00f1a, por favor, cont\\u00e1ctenos para recibir un presupuesto personalizado. Para m\\u00e1s informaci\\u00f3n sobre precios, p\\u00f3ngase en contacto con nosotros por correo electr\\u00f3nico en info@ikonisch.pt o por tel\\u00e9fono en el +351 913 068 270.\",\"inLanguage\":\"es-ES\",\"isPartOf\":{\"@id\":\"https:\\\/\\\/ikonisch.pt\\\/es\\\/#website\"},\"breadcrumb\":{\"@id\":\"https:\\\/\\\/ikonisch.pt\\\/es\\\/produtos\\\/tipo-nome-brand-copia-68\\\/#breadcrumblist\"},\"image\":{\"@type\":\"ImageObject\",\"url\":\"https:\\\/\\\/ikonisch.pt\\\/wp-content\\\/uploads\\\/2024\\\/09\\\/7427251094986B_Cadeira-Neu_Hay-233-scaled.jpg\",\"@id\":\"https:\\\/\\\/ikonisch.pt\\\/es\\\/produtos\\\/tipo-nome-brand-copia-68\\\/#mainImage\",\"width\":1400,\"height\":1050},\"primaryImageOfPage\":{\"@id\":\"https:\\\/\\\/ikonisch.pt\\\/es\\\/produtos\\\/tipo-nome-brand-copia-68\\\/#mainImage\"},\"datePublished\":\"2024-09-30T12:39:26+00:00\",\"dateModified\":\"2024-10-18T14:05:50+00:00\"},{\"@type\":\"Organization\",\"@id\":\"https:\\\/\\\/ikonisch.pt\\\/es\\\/#organization\",\"name\":\"Ikonisch\",\"description\":\"Originally Reconditioned\",\"url\":\"https:\\\/\\\/ikonisch.pt\\\/es\\\/\",\"telephone\":\"+351913068270\",\"logo\":{\"@type\":\"ImageObject\",\"url\":\"https:\\\/\\\/ikonisch.pt\\\/wp-content\\\/uploads\\\/2021\\\/08\\\/logo-ikonisch.svg\",\"@id\":\"https:\\\/\\\/ikonisch.pt\\\/es\\\/produtos\\\/tipo-nome-brand-copia-68\\\/#organizationLogo\",\"width\":484,\"height\":87},\"image\":{\"@id\":\"https:\\\/\\\/ikonisch.pt\\\/es\\\/produtos\\\/tipo-nome-brand-copia-68\\\/#organizationLogo\"},\"sameAs\":[\"https:\\\/\\\/www.facebook.com\\\/ikonischfurniture\\\/\",\"https:\\\/\\\/www.twitter.com\\\/ikonischshop\\\/\",\"https:\\\/\\\/www.instagram.com\\\/ikonischfurniture\\\/\",\"https:\\\/\\\/www.pinterest.pt\\\/ikonischfurniture\\\/\",\"https:\\\/\\\/www.linkedin.com\\\/company\\\/ikonischfurniture\\\/\"]},{\"@type\":\"WebSite\",\"@id\":\"https:\\\/\\\/ikonisch.pt\\\/es\\\/#website\",\"url\":\"https:\\\/\\\/ikonisch.pt\\\/es\\\/\",\"name\":\"Ikonisch\",\"description\":\"Originally Reconditioned\",\"inLanguage\":\"es-ES\",\"publisher\":{\"@id\":\"https:\\\/\\\/ikonisch.pt\\\/es\\\/#organization\"}}]}\n\t\t<\/script>\n\t\t<!-- All in One SEO -->\n\n","aioseo_head_json":{"title":"Silla Neu 13 \u2013 Hay | Ikonisch","description":"Pareja de sillas Neu 13 de la colecci\u00f3n HAY, nuevas y sin estrenar. Este modelo destaca por su dise\u00f1o ergon\u00f3mico y sofisticado, que combina est\u00e9tica y funcionalidad. Fabricada en refinado pl\u00e1stico moldeado (polipropileno), ofrece una gran durabilidad y comodidad. Su elegante base de madera de roble a\u00f1ade un toque de modernidad y versatilidad, permitiendo su uso tanto en entornos comerciales como residenciales. Perfecta para comedores, oficinas o espacios de estudio, Neu 13 se adapta f\u00e1cilmente a diferentes contextos, proporcionando una soluci\u00f3n pr\u00e1ctica y con estilo para aquellos que buscan comodidad combinada con un dise\u00f1o contempor\u00e1neo. Altura del asiento: 46 cm. Precio conjunto. Venta y env\u00edo del mueble bajo pedido. Realizamos entregas a nivel mundial. Para env\u00edos fuera de Portugal y Espa\u00f1a, por favor, cont\u00e1ctenos para recibir un presupuesto personalizado. Para m\u00e1s informaci\u00f3n sobre precios, p\u00f3ngase en contacto con nosotros por correo electr\u00f3nico en info@ikonisch.pt o por tel\u00e9fono en el +351 913 068 270.","canonical_url":"https:\/\/ikonisch.pt\/es\/produtos\/tipo-nome-brand-copia-68\/","robots":"max-image-preview:large","keywords":"","webmasterTools":{"miscellaneous":""},"schema":{"@context":"https:\/\/schema.org","@graph":[{"@type":"BreadcrumbList","@id":"https:\/\/ikonisch.pt\/es\/produtos\/tipo-nome-brand-copia-68\/#breadcrumblist","itemListElement":[{"@type":"ListItem","@id":"https:\/\/ikonisch.pt\/es\/#listItem","position":1,"name":"In\u00edcio","item":"https:\/\/ikonisch.pt\/es\/","nextItem":{"@type":"ListItem","@id":"https:\/\/ikonisch.pt\/loja\/#listItem","name":"Loja"}},{"@type":"ListItem","@id":"https:\/\/ikonisch.pt\/loja\/#listItem","position":2,"name":"Loja","item":"https:\/\/ikonisch.pt\/loja\/","nextItem":{"@type":"ListItem","@id":"https:\/\/ikonisch.pt\/es\/categoria\/sillas\/#listItem","name":"Sillas"},"previousItem":{"@type":"ListItem","@id":"https:\/\/ikonisch.pt\/es\/#listItem","name":"In\u00edcio"}},{"@type":"ListItem","@id":"https:\/\/ikonisch.pt\/es\/categoria\/sillas\/#listItem","position":3,"name":"Sillas","item":"https:\/\/ikonisch.pt\/es\/categoria\/sillas\/","nextItem":{"@type":"ListItem","@id":"https:\/\/ikonisch.pt\/es\/produtos\/tipo-nome-brand-copia-68\/#listItem","name":"Silla Neu 13 &#8211; Hay"},"previousItem":{"@type":"ListItem","@id":"https:\/\/ikonisch.pt\/loja\/#listItem","name":"Loja"}},{"@type":"ListItem","@id":"https:\/\/ikonisch.pt\/es\/produtos\/tipo-nome-brand-copia-68\/#listItem","position":4,"name":"Silla Neu 13 &#8211; Hay","previousItem":{"@type":"ListItem","@id":"https:\/\/ikonisch.pt\/es\/categoria\/sillas\/#listItem","name":"Sillas"}}]},{"@type":"ItemPage","@id":"https:\/\/ikonisch.pt\/es\/produtos\/tipo-nome-brand-copia-68\/#itempage","url":"https:\/\/ikonisch.pt\/es\/produtos\/tipo-nome-brand-copia-68\/","name":"Silla Neu 13 \u2013 Hay | Ikonisch","description":"Pareja de sillas Neu 13 de la colecci\u00f3n HAY, nuevas y sin estrenar. Este modelo destaca por su dise\u00f1o ergon\u00f3mico y sofisticado, que combina est\u00e9tica y funcionalidad. Fabricada en refinado pl\u00e1stico moldeado (polipropileno), ofrece una gran durabilidad y comodidad. Su elegante base de madera de roble a\u00f1ade un toque de modernidad y versatilidad, permitiendo su uso tanto en entornos comerciales como residenciales. Perfecta para comedores, oficinas o espacios de estudio, Neu 13 se adapta f\u00e1cilmente a diferentes contextos, proporcionando una soluci\u00f3n pr\u00e1ctica y con estilo para aquellos que buscan comodidad combinada con un dise\u00f1o contempor\u00e1neo. Altura del asiento: 46 cm. Precio conjunto. Venta y env\u00edo del mueble bajo pedido. Realizamos entregas a nivel mundial. Para env\u00edos fuera de Portugal y Espa\u00f1a, por favor, cont\u00e1ctenos para recibir un presupuesto personalizado. Para m\u00e1s informaci\u00f3n sobre precios, p\u00f3ngase en contacto con nosotros por correo electr\u00f3nico en info@ikonisch.pt o por tel\u00e9fono en el +351 913 068 270.","inLanguage":"es-ES","isPartOf":{"@id":"https:\/\/ikonisch.pt\/es\/#website"},"breadcrumb":{"@id":"https:\/\/ikonisch.pt\/es\/produtos\/tipo-nome-brand-copia-68\/#breadcrumblist"},"image":{"@type":"ImageObject","url":"https:\/\/ikonisch.pt\/wp-content\/uploads\/2024\/09\/7427251094986B_Cadeira-Neu_Hay-233-scaled.jpg","@id":"https:\/\/ikonisch.pt\/es\/produtos\/tipo-nome-brand-copia-68\/#mainImage","width":1400,"height":1050},"primaryImageOfPage":{"@id":"https:\/\/ikonisch.pt\/es\/produtos\/tipo-nome-brand-copia-68\/#mainImage"},"datePublished":"2024-09-30T12:39:26+00:00","dateModified":"2024-10-18T14:05:50+00:00"},{"@type":"Organization","@id":"https:\/\/ikonisch.pt\/es\/#organization","name":"Ikonisch","description":"Originally Reconditioned","url":"https:\/\/ikonisch.pt\/es\/","telephone":"+351913068270","logo":{"@type":"ImageObject","url":"https:\/\/ikonisch.pt\/wp-content\/uploads\/2021\/08\/logo-ikonisch.svg","@id":"https:\/\/ikonisch.pt\/es\/produtos\/tipo-nome-brand-copia-68\/#organizationLogo","width":484,"height":87},"image":{"@id":"https:\/\/ikonisch.pt\/es\/produtos\/tipo-nome-brand-copia-68\/#organizationLogo"},"sameAs":["https:\/\/www.facebook.com\/ikonischfurniture\/","https:\/\/www.twitter.com\/ikonischshop\/","https:\/\/www.instagram.com\/ikonischfurniture\/","https:\/\/www.pinterest.pt\/ikonischfurniture\/","https:\/\/www.linkedin.com\/company\/ikonischfurniture\/"]},{"@type":"WebSite","@id":"https:\/\/ikonisch.pt\/es\/#website","url":"https:\/\/ikonisch.pt\/es\/","name":"Ikonisch","description":"Originally Reconditioned","inLanguage":"es-ES","publisher":{"@id":"https:\/\/ikonisch.pt\/es\/#organization"}}]},"og:locale":"es_ES","og:site_name":"Ikonisch | Originally Reconditioned","og:type":"article","og:title":"Silla Neu 13 \u2013 Hay | Ikonisch","og:description":"Pareja de sillas Neu 13 de la colecci\u00f3n HAY, nuevas y sin estrenar. Este modelo destaca por su dise\u00f1o ergon\u00f3mico y sofisticado, que combina est\u00e9tica y funcionalidad. Fabricada en refinado pl\u00e1stico moldeado (polipropileno), ofrece una gran durabilidad y comodidad. Su elegante base de madera de roble a\u00f1ade un toque de modernidad y versatilidad, permitiendo su uso tanto en entornos comerciales como residenciales. Perfecta para comedores, oficinas o espacios de estudio, Neu 13 se adapta f\u00e1cilmente a diferentes contextos, proporcionando una soluci\u00f3n pr\u00e1ctica y con estilo para aquellos que buscan comodidad combinada con un dise\u00f1o contempor\u00e1neo. Altura del asiento: 46 cm. Precio conjunto. Venta y env\u00edo del mueble bajo pedido. Realizamos entregas a nivel mundial. Para env\u00edos fuera de Portugal y Espa\u00f1a, por favor, cont\u00e1ctenos para recibir un presupuesto personalizado. Para m\u00e1s informaci\u00f3n sobre precios, p\u00f3ngase en contacto con nosotros por correo electr\u00f3nico en info@ikonisch.pt o por tel\u00e9fono en el +351 913 068 270.","og:url":"https:\/\/ikonisch.pt\/es\/produtos\/tipo-nome-brand-copia-68\/","og:image":"https:\/\/ikonisch.pt\/wp-content\/uploads\/2021\/10\/IKONISCH-Frontpage.png","og:image:secure_url":"https:\/\/ikonisch.pt\/wp-content\/uploads\/2021\/10\/IKONISCH-Frontpage.png","og:image:width":3632,"og:image:height":2336,"article:published_time":"2024-09-30T12:39:27+00:00","article:modified_time":"2024-10-18T14:05:50+00:00","article:publisher":"https:\/\/www.facebook.com\/ikonischfurniture\/","twitter:card":"summary","twitter:site":"@ikonischshop","twitter:title":"Silla Neu 13 \u2013 Hay | Ikonisch","twitter:description":"Pareja de sillas Neu 13 de la colecci\u00f3n HAY, nuevas y sin estrenar. Este modelo destaca por su dise\u00f1o ergon\u00f3mico y sofisticado, que combina est\u00e9tica y funcionalidad. Fabricada en refinado pl\u00e1stico moldeado (polipropileno), ofrece una gran durabilidad y comodidad. Su elegante base de madera de roble a\u00f1ade un toque de modernidad y versatilidad, permitiendo su uso tanto en entornos comerciales como residenciales. Perfecta para comedores, oficinas o espacios de estudio, Neu 13 se adapta f\u00e1cilmente a diferentes contextos, proporcionando una soluci\u00f3n pr\u00e1ctica y con estilo para aquellos que buscan comodidad combinada con un dise\u00f1o contempor\u00e1neo. Altura del asiento: 46 cm. Precio conjunto. Venta y env\u00edo del mueble bajo pedido. Realizamos entregas a nivel mundial. Para env\u00edos fuera de Portugal y Espa\u00f1a, por favor, cont\u00e1ctenos para recibir un presupuesto personalizado. Para m\u00e1s informaci\u00f3n sobre precios, p\u00f3ngase en contacto con nosotros por correo electr\u00f3nico en info@ikonisch.pt o por tel\u00e9fono en el +351 913 068 270.","twitter:image":"https:\/\/ikonisch.pt\/wp-content\/uploads\/2021\/10\/IKONISCH-Frontpage.png"},"aioseo_meta_data":{"post_id":"25856","title":null,"description":null,"keywords":[],"keyphrases":{"focus":{"keyphrase":"","score":0,"analysis":{"keyphraseInTitle":{"score":0,"maxScore":9,"error":1}}},"additional":[]},"primary_term":null,"canonical_url":null,"og_title":null,"og_description":null,"og_object_type":"default","og_image_type":"default","og_image_url":null,"og_image_width":null,"og_image_height":null,"og_image_custom_url":null,"og_image_custom_fields":null,"og_video":"","og_custom_url":null,"og_article_section":null,"og_article_tags":[],"twitter_use_og":false,"twitter_card":"default","twitter_image_type":"default","twitter_image_url":null,"twitter_image_custom_url":null,"twitter_image_custom_fields":null,"twitter_title":null,"twitter_description":null,"schema":{"blockGraphs":[],"customGraphs":[],"default":{"data":{"Article":[],"Course":[],"Dataset":[],"FAQPage":[],"Movie":[],"Person":[],"Product":[],"ProductReview":[],"Car":[],"Recipe":[],"Service":[],"SoftwareApplication":[],"WebPage":[]},"graphName":"ItemPage","isEnabled":true},"graphs":[]},"schema_type":"default","schema_type_options":null,"pillar_content":false,"robots_default":true,"robots_noindex":false,"robots_noarchive":false,"robots_nosnippet":false,"robots_nofollow":false,"robots_noimageindex":false,"robots_noodp":false,"robots_notranslate":false,"robots_max_snippet":"-1","robots_max_videopreview":"-1","robots_max_imagepreview":"large","priority":null,"frequency":"default","local_seo":null,"limit_modified_date":false,"created":"2024-09-30 12:39:27","updated":"2026-08-03 20:42:29","ai":null,"breadcrumb_settings":null,"seo_analyzer_scan_date":null,"focus_keyword":null,"additional_keywords":null,"truseo_locale":null},"aioseo_breadcrumb":"<div class=\"aioseo-breadcrumbs\"><span class=\"aioseo-breadcrumb\">\n\t\t\t<a href=\"https:\/\/ikonisch.pt\/es\/\" title=\"In\u00edcio\">In\u00edcio<\/a>\n\t\t<\/span><span class=\"aioseo-breadcrumb-separator\">&raquo;<\/span><span class=\"aioseo-breadcrumb\">\n\t\t\t<a href=\"https:\/\/ikonisch.pt\/loja\/\" title=\"Loja\">Loja<\/a>\n\t\t<\/span><span class=\"aioseo-breadcrumb-separator\">&raquo;<\/span><span class=\"aioseo-breadcrumb\">\n\t\t\t<a href=\"https:\/\/ikonisch.pt\/es\/categoria\/sillas\/\" title=\"Sillas\">Sillas<\/a>\n\t\t<\/span><span class=\"aioseo-breadcrumb-separator\">&raquo;<\/span><span class=\"aioseo-breadcrumb\">\n\t\t\tSilla Neu 13 \u2013 Hay\n\t\t<\/span><\/div>","aioseo_breadcrumb_json":[{"label":"In\u00edcio","link":"https:\/\/ikonisch.pt\/es\/"},{"label":"Loja","link":"https:\/\/ikonisch.pt\/loja\/"},{"label":"Sillas","link":"https:\/\/ikonisch.pt\/es\/categoria\/sillas\/"},{"label":"Silla Neu 13 &#8211; Hay","link":"https:\/\/ikonisch.pt\/es\/produtos\/tipo-nome-brand-copia-68\/"}],"_links":{"self":[{"href":"https:\/\/ikonisch.pt\/es\/wp-json\/wp\/v2\/product\/25856","targetHints":{"allow":["GET"]}}],"collection":[{"href":"https:\/\/ikonisch.pt\/es\/wp-json\/wp\/v2\/product"}],"about":[{"href":"https:\/\/ikonisch.pt\/es\/wp-json\/wp\/v2\/types\/product"}],"wp:featuredmedia":[{"embeddable":true,"href":"https:\/\/ikonisch.pt\/es\/wp-json\/wp\/v2\/media\/25949"}],"wp:attachment":[{"href":"https:\/\/ikonisch.pt\/es\/wp-json\/wp\/v2\/media?parent=25856"}],"wp:term":[{"taxonomy":"product_brand","embeddable":true,"href":"https:\/\/ikonisch.pt\/es\/wp-json\/wp\/v2\/product_brand?post=25856"},{"taxonomy":"product_cat","embeddable":true,"href":"https:\/\/ikonisch.pt\/es\/wp-json\/wp\/v2\/product_cat?post=25856"},{"taxonomy":"product_tag","embeddable":true,"href":"https:\/\/ikonisch.pt\/es\/wp-json\/wp\/v2\/product_tag?post=25856"}],"curies":[{"name":"wp","href":"https:\/\/api.w.org\/{rel}","templated":true}]}}